{"id":120,"date":"2013-09-22T11:47:23","date_gmt":"2013-09-22T09:47:23","guid":{"rendered":"http:\/\/localhost\/wp1\/?page_id=120"},"modified":"2014-09-22T12:50:50","modified_gmt":"2014-09-22T12:50:50","slug":"review-ioann","status":"publish","type":"page","link":"https:\/\/ironfist.hu\/hu\/book\/review-ioann\/","title":{"rendered":"Visszajelz\u00e9s: Ioann Atya, a budapesti pravoszl\u00e1v templom vezet\u0151je"},"content":{"rendered":"<p><\/p>\n<p align=\"JUSTIFY\">A modern ember \u00e9lete sor\u00e1n \u00f3ri\u00e1si er\u0151fesz\u00edt\u00e9seket tesz az\u00e9rt, hogy meg\u0151rizhesse alapvet\u0151 emberi j\u00f3zans\u00e1g\u00e1t. Az eg\u00e9sz vil\u00e1g, amelyben el\u00fcnk abb\u00f3l \u00e1ll, hogy naponta v\u00e1lasztani kell j\u00f3 \u00e9s rossz k\u00f6z\u00f6tt; a hatalmas technikai fejl\u0151d\u00e9s s\u00falyos teherk\u00e9nt nehezedik az emberi l\u00e9lekre \u00e9s testre.<\/p>\n<p align=\"JUSTIFY\">Az ember a l\u00e9lek megtestes\u00edt\u0151je, Isten k\u00e9pm\u00e1sa. \u00c1 b\u0171nbees\u00e9s miatt viszont, amikor az em-ber \u00fagy d\u00f6nt\u00f6tt, hogy elk\u00fcl\u00f6n\u00fcl Istent\u0151l \u00e9s \u00f6n\u00e1ll\u00f3 m\u00f3don k\u00edv\u00e1n \u00e9lni, \u00f6nhatalm\u00falag a szenve-d\u00e9sre k\u00e1rhoztatta mag\u00e1t. \u00c1z \u00dar nem akarja az ember szenved\u00e9s\u00e9t, s\u0151t: megszabad\u00edtja szenve-d\u00e9seit\u0151l, ha h\u0151n szeretett alkot\u00e1sa, az ember vele egy\u00fctt k\u00edv\u00e1n cselekedni. Seg\u00edt Istennek ab-ban, hogy vissza\u00e1ll\u00edtsa eredeti \u00e1llapot\u00e1ba elrontott term\u00e9szet\u00e9t.<\/p>\n<p align=\"JUSTIFY\">A b\u0171nbees\u00e9s sor\u00e1n az ember vesztett teljess\u00e9g\u00e9b\u0151l. Olyan nagyszer\u0171 ed\u00e9nyhez hasonlatos, amely sok-sok apr\u00f3 szil\u00e1nkra esett sz\u00e9t. \u00c9let\u00fcnk c\u00e9lja az, hogy Isten seg\u00edts\u00e9g\u00e9vel helyre\u00e1ll\u00edt-suk ezt a teljess\u00e9get.<\/p>\n<p align=\"JUSTIFY\">A teljess\u00e9g \u00fajrateremt\u00e9s\u00e9t azon b\u0171neink g\u00e1tolj\u00e1k, amelyek a gy\u0171l\u00f6let, az irigys\u00e9g, a r\u00e1tarti-s\u00e1g, az agresszi\u00f3 sor\u00e1n keletkeznek, no meg akkor, amikor hozz\u00e1tartoz\u00f3ink felett k\u00edv\u00e1nunk uralkodni, E b\u0171n\u00f6s szenved\u00e9lyek nemcsak a mi lelk\u00fcnket z\u00fazz\u00e1k sz\u00e9t, hanem a test\u00fcnket is. Az embernek, s k\u00fcl\u00f6n\u00f6sen a ma ember\u00e9nek rettenetes azt tapasztalnia, hogy tulajdon teste megsemmis\u00fc1. Hatalmas haszon sz\u00e1rmazik az \u201eeg\u00e9szs\u00e9giparb\u00f3l\u201d, amely a modern fogyaszt\u00f3-b\u00f3l rengeteget pr\u00e9sel ki, m\u00e9gsem hozza meg sz\u00e1m\u00e1ra a be\u00edg\u00e9rt eg\u00e9szs\u00e9get! Csak Isten seg\u00edt-s\u00e9g\u00e9vel k\u00e9pes s\u00falyosan beteg lelk\u00e9t rendbe hozni oly m\u00f3don, hogy megszokott b\u0171n\u00f6s \u00e9let-m\u00f3dj\u00e1t \u00e9s \u00f6nmag\u00e1t \u00e1tform\u00e1lja. A legnagyobb gy\u0151zelem: az \u00f6nmagunkon, a szenved\u00e9lyeinken aratott diadal, amelyet szem el\u0151tt kell tartanunk, s amelyr\u0151l nem szabad megfeledkezn\u00fcnk. Ha a test\u00fcnket \u00e9s lelk\u00fcnket megsemmis\u00edt\u0151 szenved\u00e9lyeinknek, rossz szok\u00e1sainknak nem szabunk g\u00e1tat, akkor az ember elvesz\u00edti az Istent\u0151l kapott lehet\u0151s\u00e9g\u00e9t. Hiszen az Alkot\u00f3t\u00f3l kapott te-hets\u00e9g\u00fcnket kamatoztatnunk kell. Lelki eg\u00e9szs\u00e9g\u00fcnk \u00e9rdek\u00e9ben m\u00e1r teljes\u00edtett\u00fck is els\u0151 fel-adatunkat, ha \u00e9szrevett\u00fck, hogy emberi v\u00e1laszt\u00e1sunk t\u00e9ves. Vesz\u00e9lyes az a szakad\u00e9k, amely elott \u00e1llunk. Fel kell hagynunk \u00e9let\u00fcnk ostoba vessz\u0151fut\u00e1s\u00e1val. Gondoskodjunk magunkr\u00f3l, k\u00f6zeli hozz\u00e1tartoz\u00f3inkr\u00f3l, ebben rejlik gy\u00f3gyul\u00e1sunk, mostani vesz\u00e9lyes ill\u00fazi\u00f3inkt\u00f3l val\u00f3 megszabadul\u00e1sunk z\u00e1loga.<\/p>\n<p align=\"RIGHT\"><strong>Ioann Atya<br \/>\na budapesti pravoszl\u00e1v templom vezet\u0151je<\/strong><\/p>\n<p><\/p>","protected":false},"excerpt":{"rendered":"<p>A modern ember \u00e9lete sor\u00e1n \u00f3ri\u00e1si er\u0151fesz\u00edt\u00e9seket tesz az\u00e9rt, hogy meg\u0151rizhesse alapvet\u0151 emberi j\u00f3zans\u00e1g\u00e1t. Az eg\u00e9sz vil\u00e1g, amelyben el\u00fcnk abb\u00f3l \u00e1ll, hogy naponta v\u00e1lasztani kell j\u00f3 \u00e9s rossz k\u00f6z\u00f6tt; a hatalmas technikai fejl\u0151d\u00e9s s\u00falyos teherk\u00e9nt nehezedik az emberi l\u00e9lekre \u00e9s &hellip;<\/p>\n<p class=\"read-more\"> <a class=\"more-link\" href=\"https:\/\/ironfist.hu\/hu\/book\/review-ioann\/\"> <span class=\"screen-reader-text\">Visszajelz\u00e9s: Ioann Atya, a budapesti pravoszl\u00e1v templom vezet\u0151je<\/span> Tov\u00e1bb &raquo;<\/a><\/p>\n","protected":false},"author":1,"featured_media":0,"parent":25,"menu_order":320,"comment_status":"closed","ping_status":"open","template":"","meta":{"footnotes":""},"class_list":["post-120","page","type-page","status-publish","hentry"],"_links":{"self":[{"href":"https:\/\/ironfist.hu\/hu\/wp-json\/wp\/v2\/pages\/120"}],"collection":[{"href":"https:\/\/ironfist.hu\/hu\/wp-json\/wp\/v2\/pages"}],"about":[{"href":"https:\/\/ironfist.hu\/hu\/wp-json\/wp\/v2\/types\/page"}],"author":[{"embeddable":true,"href":"https:\/\/ironfist.hu\/hu\/wp-json\/wp\/v2\/users\/1"}],"replies":[{"embeddable":true,"href":"https:\/\/ironfist.hu\/hu\/wp-json\/wp\/v2\/comments?post=120"}],"version-history":[{"count":4,"href":"https:\/\/ironfist.hu\/hu\/wp-json\/wp\/v2\/pages\/120\/revisions"}],"predecessor-version":[{"id":553,"href":"https:\/\/ironfist.hu\/hu\/wp-json\/wp\/v2\/pages\/120\/revisions\/553"}],"up":[{"embeddable":true,"href":"https:\/\/ironfist.hu\/hu\/wp-json\/wp\/v2\/pages\/25"}],"wp:attachment":[{"href":"https:\/\/ironfist.hu\/hu\/wp-json\/wp\/v2\/media?parent=120"}],"curies":[{"name":"wp","href":"https:\/\/api.w.org\/{rel}","templated":true}]}}